{"id":91,"date":"2019-05-09T13:17:32","date_gmt":"2019-05-09T11:17:32","guid":{"rendered":"http:\/\/hambastegi.de\/grundsatzerklaerung\/"},"modified":"2019-05-27T20:43:19","modified_gmt":"2019-05-27T18:43:19","slug":"grundsatzerklaerung","status":"publish","type":"page","link":"https:\/\/hambastegi.de\/fr\/grundsatzerklaerung\/","title":{"rendered":"D\u00e9claration de politique"},"content":{"rendered":"<div class=\"fusion-fullwidth fullwidth-box fusion-builder-row-1 nonhundred-percent-fullwidth non-hundred-percent-height-scrolling\" style=\"background-color: rgba(255,255,255,0);background-position: center center;background-repeat: no-repeat;padding-top:0px;padding-right:0px;padding-bottom:0px;padding-left:0px;margin-bottom: 0px;margin-top: 0px;border-width: 0px 0px 0px 0px;border-color:#eae9e9;border-style:solid;\" ><div class=\"fusion-builder-row fusion-row\"><div class=\"fusion-layout-column fusion_builder_column fusion-builder-column-0 fusion_builder_column_1_1 1_1 fusion-one-full fusion-column-first fusion-column-last\" style=\"margin-top:0px;margin-bottom:20px;\"><div class=\"fusion-column-wrapper fusion-flex-column-wrapper-legacy\" style=\"background-position:left top;background-repeat:no-repeat;-webkit-background-size:cover;-moz-background-size:cover;-o-background-size:cover;background-size:cover;padding: 0px 0px 0px 0px;\"><style type=\"text\/css\"><\/style><div class=\"fusion-title title fusion-title-1 fusion-title-center fusion-title-text fusion-title-size-one\" style=\"margin-top:0px;margin-right:0px;margin-bottom:31px;margin-left:0px;\"><div class=\"title-sep-container title-sep-container-left\"><div class=\"title-sep sep-single sep-dotted\" style=\"border-color:#e0dede;\"><\/div><\/div><h1 class=\"title-heading-center fusion-responsive-typography-calculated\" style=\"margin:0;--fontSize:36;line-height:1.4;\">Appel \u00e0 l\u2019effort commun<\/h1><div class=\"title-sep-container title-sep-container-right\"><div class=\"title-sep sep-single sep-dotted\" style=\"border-color:#e0dede;\"><\/div><\/div><\/div><div class=\"fusion-text fusion-text-1\"><p>Cela fait presque 40 ans que notre pays est domin\u00e9 par l\u2019oppression de la R\u00e9publique Islamique. A l\u2019heure actuelle, le peuple iranien m\u00e8ne une lutte \u00e9tendue dans tous les domaines, pour la libert\u00e9, l\u2019\u00e9mancipation et le respect de ses droits fondamentaux.<br \/>\nNous, diff\u00e9rents partis, courants et organisations politiques, forts de nos diff\u00e9rents opinions et parcours politiques et points de vue sociaux, avons commenc\u00e9 une activit\u00e9 commune conform\u00e9ment au protocole d\u2018accord ci-dessous. Nous consid\u00e9rons cette d\u00e9marche, comme un pas pour la cr\u00e9ation d\u2019une alliance \u00e9largie et ne manquerons rien dans ce but.<br \/>\nNous tenons fortement \u00e0 la n\u00e9cessit\u00e9 d\u2019une alliance pour l\u2019\u00e9tablissement de la d\u00e9mocratie, de la r\u00e9publique, du f\u00e9d\u00e9ralisme, aux valeurs comme tol\u00e9rance, pluralisme, s\u00e9paration de l\u2019Etat et de la religion et conform\u00e9ment \u00e0 la D\u00e9claration universelle des droits de l\u2019homme et la coexistence de toutes les tendances et groupes politiques d\u00e9mocratiques, en Iran. En soulignant l\u2019importance de la continuation et le d\u00e9veloppement des mouvements de protestation, civil et d\u00e9mocratique en Iran, nous soutenons les luttes du peuple et nous invitons les partis, les formations et les organisations politiques r\u00e9publicains et d\u00e9mocrates qui approuvent le protocole d\u2019accord ci-dessous, \u00e0 la collaboration dans la lutte pour le renversement de la R\u00e9publique Islamique.<\/p>\n<h4>Les bases communes de notre coop\u00e9ration &#8211; Introduction:<\/h4>\n<p><strong>A.<\/strong> Apr\u00e8s un si\u00e8cle de luttes tumultueuses pour la libert\u00e9 et la justice sociale, la souverainet\u00e9 du peuple, l\u2018instauration et l\u2018institutionnalisation de la d\u00e9mocratie dans le pays et malgr\u00e9 les efforts incessants d\u00e9ploy\u00e9s pour construire un Iran libre et d\u00e9velopp\u00e9, exempt de toute forme de discrimination sexuelle, nationale et religieuse, l\u2019Iran est toujours \u00e0 la merci de la tyrannie et du r\u00e9gime despotique. Le peuple est priv\u00e9 de ses droits fondamentaux, de ses libert\u00e9s politiques, sociales et civiles et de s\u00e9curit\u00e9 l\u00e9gale et sociale. La discrimination \u00e0 l\u2018encontre des femmes, qui repr\u00e9sentent la moiti\u00e9 de la population du pays, reste la politique en vigueur de la R\u00e9publique islamique d\u2018Iran, bas\u00e9e sur les lois discriminatoires.<br \/>\nLes dissidents, intellectuels, \u00e9crivains, artistes, penseurs, les jeunes et \u00e9tudiants, sont continuellement menac\u00e9s, arr\u00eat\u00e9s ou mis sous pression. Les ouvriers, enseignants et universitaires et autres producteurs de richesses mat\u00e9rielles et spirituelles de la soci\u00e9t\u00e9, ne b\u00e9n\u00e9ficient pas du minimum n\u00e9cessaire pour mener une vie \u00e0 l\u2019image de leur dignit\u00e9 humaine et sociale et n\u2018ont pas le droit de former un syndicat ou une organisation professionnelle ind\u00e9pendante. La discrimination et l\u2018oppression contre les entit\u00e9s ethniques continuent de mani\u00e8re la plus violente. Suite \u00e0 cette politique courante, la R\u00e9publique Islamique d\u2019Iran continue \u00e0 r\u00e9pondre aux exigences des droits nationaux et ethniques, par la r\u00e9pression et la violence.<br \/>\nLa Constitution de la R\u00e9publique Islamique ainsi que la structure de pouvoir, fond\u00e9es sur la discrimination, la jonction de la religion et de l\u2018\u00c9tat et sont hostiles \u00e0 la libert\u00e9 et \u00e0 la modernit\u00e9. En R\u00e9publique Islamique d\u2018Iran, le droit des peuples de disposer d\u2019eux-m\u00eames est bafou\u00e9 et les droits de l\u2018homme sont continuellement viol\u00e9s.<br \/>\nLe r\u00e9gime de la R\u00e9publique Islamique d\u2019Iran, de par sa nature m\u00eame, est bloqu\u00e9 \u00e0 toute r\u00e9forme. Aucune des demandes d\u00e9mocratiques du peuple iranien ne peut \u00eatre r\u00e9alis\u00e9e dans ce contexte. Par cons\u00e9quent, le renversement du r\u00e9gime de la R\u00e9publique islamique d\u2019Iran et la dissolution de toutes les institutions judiciaires, l\u00e9gislatives et ex\u00e9cutives r\u00e9pressives (y compris politiques, militaires, s\u00e9curitaire, etc.) et l\u2019abrogation de la Constitution de la R\u00e9publique Islamique d\u2019Iran et d\u2019autres lois non d\u00e9mocratiques, est la condition primordiale de la mise en place d\u2019un syst\u00e8me r\u00e9publicain bas\u00e9 sur la d\u00e9mocratie, la s\u00e9paration de la religion et de l\u2018\u00c9tat et les droits de l\u2018homme.<\/p>\n<p><strong>B.<\/strong> La lutte contre la R\u00e9publique islamique a toujours \u00e9t\u00e9 en cours depuis sa cr\u00e9ation. Au cours des quarante derni\u00e8res ann\u00e9es, des dizaines de milliers de combattants de la libert\u00e9 et de la justice sociale ont perdu leur vie dans la lutte contre le r\u00e9gime tyrannique au pouvoir. Pendant quatre d\u00e9cennies, les gens ont exprim\u00e9 leur m\u00e9contentement sous diverses formes et sont parfois descendus dans la rue, par millions et ce malgr\u00e9 les politiques r\u00e9pressives du gouvernement, afin de manifester leur r\u00e9pulsion face aux politiques non d\u00e9mocratiques, injustes et discriminatoires du r\u00e9gime. L\u2019exemple le plus r\u00e9cent est celui de mouvements de protestation des derniers mois, notamment celui du soul\u00e8vement populaire de janvier 2018, ainsi que des gr\u00e8ves et manifestations r\u00e9centes.<br \/>\n\u00c0 la suite de ces manifestations, la vraie nature de la R\u00e9publique Islamique d\u2018Iran a \u00e9t\u00e9 largement d\u00e9voil\u00e9e. Ces r\u00e9sistances et manifestations populaires ont largement contribu\u00e9, en incitant des solidarit\u00e9s nationale et internationale, dans la lutte pour la r\u00e9alisation de la d\u00e9mocratie en Iran.<\/p>\n<p><strong>C.<\/strong> Au cours des quatre derni\u00e8res d\u00e9cennies, les gens \u00e9pris de libert\u00e9, et les forces de gauche, de d\u00e9mocrates et de r\u00e9publicains de diff\u00e9rentes tendances, se sont battus de diverses mani\u00e8res contre le r\u00e9gime de la R\u00e9publique islamique.<br \/>\nMais l\u2018exp\u00e9rience a montr\u00e9 que sans coop\u00e9ration et unit\u00e9 d\u2019action de ces forces, il leur sera difficile d\u2019influencer sur l\u2019\u00e9volution politique et la formation d\u2018une alternative r\u00e9publicaine et d\u00e9mocratique. Ceci est une n\u00e9cessit\u00e9 vitale, aujourd\u2019hui plus que jamais.<br \/>\nNous, les organisations et les partis politiques avec les diff\u00e9rents programmes et parcours diverses et points de vue sociaux et opinions distincts, signataires de ce protocole d\u2019accord, insistons fortement sur la n\u00e9cessit\u00e9 d\u2019une alliance r\u00e9publicaine, d\u00e9mocratique \u00e9largie. Ceci, pour l\u2019\u00e9tablissement de la d\u00e9mocratie en Iran, fond\u00e9e sur la D\u00e9claration universelle des droits de l\u2019homme et ses annexes, et sur des valeurs comme tol\u00e9rance, pluralisme, s\u00e9paration de l\u2019Etat et de la religion et la coexistence de toutes les tendances et courants politiques d\u00e9mocratiques. Nous, les forces combattant pour la continuation, l\u2019expansion et l\u2019approfondissement du mouvement de protestation du peuple iranien, qui est un arc-en-ciel de classes, de groupes sociaux et de forces politiques \u00e9pris de libert\u00e9, insistons sur la lutte politique et civile, d\u00e9mocratique et pacifique qui caract\u00e9rise le mouvement de protestation. Nous consid\u00e9rons l\u2019accord sur ce plan pr\u00e9liminaire, comme un pas en avant vers l\u2018alliance \u00e9largie des r\u00e9publicains d\u2018Iran.<\/p>\n<h4>Notre projet commun<\/h4>\n<p><strong>1.<\/strong> L\u2019\u00e9tablissement d\u2019un syst\u00e8me d\u00e9mocratique sous la forme d\u2019une r\u00e9publique parlementaire fond\u00e9e sur la s\u00e9paration de la religion et de l\u2019\u00c9tat, la s\u00e9paration des pouvoirs et du pluralisme politique, l\u2019\u00e9lection des repr\u00e9sentants dans toutes les institutions de l\u2019\u00c9tat par le vote direct du peuple et le respect du principe de l\u2019alternance du pouvoir. Nous soulignons ce principe selon lequel le vote du peuple est l\u2018unique source de pouvoir et de l\u00e9gitimit\u00e9 du gouvernement.<\/p>\n<p><strong>2.<\/strong> L\u2018Iran est un pays form\u00e9 de la coexistence des ethnies : Fars, Turcs, Kurdes, Arabes, Balouchs, Turkm\u00e8nes, ainsi que d\u2019autres groupes linguistiques et des minorit\u00e9s religieuses et culturelles. L\u2019union stable et la coexistence des peuples iraniens exige:<br \/>\nTout d\u2019abord, l\u2019identit\u00e9 et les droits d\u00e9mocratiques de ces peuples soient respect\u00e9s et leur droit de disposer d\u2019eux-m\u00eames soit reconnus.<br \/>\nEnsuite, la centralisation actuelle du pouvoir soit remplac\u00e9e par la d\u00e9centralisation et la r\u00e9partition du pouvoir dans la structure politique du pays.<br \/>\nNous souhaitons l\u2019union des peuples iraniens, librement choisie, dans un syst\u00e8me politique et administratif f\u00e9d\u00e9ral.<\/p>\n<p><strong>3.<\/strong> La s\u00e9paration de la religion et de l\u2018Etat, la garantie de la libert\u00e9 d\u2018opinion, de religion et de culte.<\/p>\n<p><strong>4.<\/strong> La garantie des libert\u00e9s politiques, des droits civils et d\u00e9mocratiques du peuple, la libert\u00e9 de pens\u00e9e et d\u2018expression, les m\u00e9dias et l\u2018information, le style de vie, l\u2019activit\u00e9 des partis politiques, la libert\u00e9 de r\u00e9unions, manifestations, gr\u00e8ves et la cr\u00e9ation de syndicats professionnels et civils.<\/p>\n<p><strong>5.<\/strong> Assurer les droits \u00e9gaux aux citoyens, sans distinction de sexe, de religion, d\u2018ethnie, de nationalit\u00e9, d\u2018appartenance linguistique ou cultuelle.<\/p>\n<p><strong>6.<\/strong> S\u2019engager \u00e0 garantir des droits et libert\u00e9s \u00e9nonc\u00e9s dans la D\u00e9claration universelle des droits de l\u2018homme et ses conventions annexes.<\/p>\n<p><strong>7.<\/strong> L\u2018abolition de la peine de mort et de toute peine susceptible de porter atteinte \u00e0 la dignit\u00e9 et l\u2019int\u00e9grit\u00e9 humaine.<\/p>\n<p><strong>8.<\/strong> Garantir l\u2019\u00e9galit\u00e9 de droit des femmes avec les hommes, l\u2019abolition de toute discrimination fond\u00e9e sur le sexe, l\u2019application compl\u00e8te des dispositions de la Convention pour l\u2019\u00e9limination de toutes les formes de discrimination \u00e0 l\u2019\u00e9gard des femmes, apporter des garanties statutaires concernant la mise \u00e0 disposition des facilit\u00e9s n\u00e9cessaires au d\u00e9veloppement des talents et des aptitudes des femmes dans tous les domaines de la vie personnelle, familiale, sociale et politique.<\/p>\n<p><strong>9.<\/strong> Afin de renforcer les fondements de la d\u00e9mocratie dans le pays et pr\u00e9server la coexistence historique de ses composantes, il est n\u00e9cessaire de garantir les m\u00eames droits pour les diff\u00e9rentes ethnies iraniennes et les droits d\u00e9mocratiques de tous ceux qui habitent en Iran uni, d\u00e9mocratique et d\u00e9centralis\u00e9, et ce, dans les domaines ethnique, politique, \u00e9conomique et social.<\/p>\n<p><strong>10.<\/strong> Assurer des chances \u00e9gales d\u2018acc\u00e8s au logement, \u00e0 la sant\u00e9, \u00e0 l\u2018\u00e9ducation, \u00e0 l\u2018emploi, \u00e0 la culture et aux assurances sociales pour tous.<\/p>\n<p><strong>11.<\/strong> Etablissement des relations politiques de l\u2018Iran avec tous les pays sur la base du respect mutuel, reconnaissance du principe de la souverainet\u00e9 du peuple iranien, des int\u00e9r\u00eats nationaux et du maintien de la paix mondiale. Nous sommes contre l\u2019ing\u00e9rence des puissances \u00e9trang\u00e8res dans les affaires iraniennes relatives au droit de peuple de disposer d\u2019eux-m\u00eames ainsi que leurs tentatives de fabrication des alternatives de remplacement du r\u00e9gime iranien.<\/p>\n<p><strong>12.<\/strong> Engager la solidarit\u00e9 de l\u2018opinion publique et le soutien des instances internationales pour des luttes du peuple iranien, pour l\u2019instauration de la d\u00e9mocratie dans le pays et pour exercer des pressions sur la R\u00e9publique Islamique pour ses violations continues des droits de l\u2019homme en Iran, et pour soutenir les luttes du peuple iranien pour la libert\u00e9.<\/p>\n<p><strong>13.<\/strong> Faire face au fondamentalisme, \u00e0 la violence et au terrorisme.<\/p>\n<p><strong>14.<\/strong> Nous croyons comme une partie des droits fondamentaux des citoyens, le droit de r\u00e9union, de gr\u00e8ves, d\u2019assemblement et de manifestation et de diverses formes de r\u00e9sistance et de lutte, et le droit de se d\u00e9fendre contre les actes de violence perp\u00e9tr\u00e9s par le gouvernement, tout comme leur combat pour les revendications \u00e9conomiques et politiques.<\/p>\n<p style=\"text-align: center;\">Alliance d\u00e9mocratique d\u2019Azerba\u00efdjan- Birlik<br \/>\nMouvement des r\u00e9publicains d\u00e9mocratiques et la\u00efques d\u2018Iran<br \/>\nParti d\u00e9mocratique de Solidarit\u00e9 d\u2019Ahvaz<br \/>\nParti d\u00e9mocratique du Kurdistan d\u2019Iran<br \/>\nParti d\u00e9mocratique du Kurdistan<br \/>\nParti KOMALA du Kurdistan d\u2018Iran<br \/>\nParti populaire du Baloutchistan<br \/>\nUnion des Feda\u00efan de Peuple d\u2018Iran<br \/>\nConseil provisoire des socialistes de gauche d\u2019Iran<br \/>\nKOMALA des Travailleurs du Kurdistan<br \/>\nLe 16 novembre 2018<\/p>\n<\/div><div class=\"fusion-clearfix\"><\/div><\/div><\/div><\/div><\/div>\n","protected":false},"excerpt":{"rendered":"","protected":false},"author":1,"featured_media":0,"parent":0,"menu_order":0,"comment_status":"closed","ping_status":"closed","template":"","meta":{"footnotes":""},"class_list":["post-91","page","type-page","status-publish","hentry"],"yoast_head":"<!-- This site is optimized with the Yoast SEO plugin v27.5 - https:\/\/yoast.com\/product\/yoast-seo-wordpress\/ -->\n<title>D\u00e9claration de politique - Hambastegi<\/title>\n<meta name=\"description\" content=\"%\" \/>\n<meta name=\"robots\" content=\"index, follow, max-snippet:-1, max-image-preview:large, max-video-preview:-1\" \/>\n<link rel=\"canonical\" href=\"https:\/\/hambastegi.de\/fr\/grundsatzerklaerung\/\" \/>\n<meta property=\"og:locale\" content=\"fr_FR\" \/>\n<meta property=\"og:type\" content=\"article\" \/>\n<meta property=\"og:title\" content=\"D\u00e9claration de politique - Hambastegi\" \/>\n<meta property=\"og:description\" content=\"%\" \/>\n<meta property=\"og:url\" content=\"https:\/\/hambastegi.de\/fr\/grundsatzerklaerung\/\" \/>\n<meta property=\"og:site_name\" content=\"Hambastegi\" \/>\n<meta property=\"article:modified_time\" content=\"2019-05-27T18:43:19+00:00\" \/>\n<meta property=\"og:image\" content=\"https:\/\/hambastegi.de\/wp-content\/uploads\/2021\/01\/1thumbnail.jpg\" \/>\n\t<meta property=\"og:image:width\" content=\"236\" \/>\n\t<meta property=\"og:image:height\" content=\"236\" \/>\n\t<meta property=\"og:image:type\" content=\"image\/jpeg\" \/>\n<meta name=\"twitter:card\" content=\"summary_large_image\" \/>\n<meta name=\"twitter:label1\" content=\"Dur\u00e9e de lecture estim\u00e9e\" \/>\n\t<meta name=\"twitter:data1\" content=\"11 minutes\" \/>\n<script type=\"application\/ld+json\" class=\"yoast-schema-graph\">{\"@context\":\"https:\\\/\\\/schema.org\",\"@graph\":[{\"@type\":\"WebPage\",\"@id\":\"https:\\\/\\\/hambastegi.de\\\/fr\\\/grundsatzerklaerung\\\/\",\"url\":\"https:\\\/\\\/hambastegi.de\\\/fr\\\/grundsatzerklaerung\\\/\",\"name\":\"D\u00e9claration de politique - Hambastegi\",\"isPartOf\":{\"@id\":\"https:\\\/\\\/lightseagreen-gaur-719964.hostingersite.com\\\/#website\"},\"datePublished\":\"2019-05-09T11:17:32+00:00\",\"dateModified\":\"2019-05-27T18:43:19+00:00\",\"description\":\"%\",\"breadcrumb\":{\"@id\":\"https:\\\/\\\/hambastegi.de\\\/fr\\\/grundsatzerklaerung\\\/#breadcrumb\"},\"inLanguage\":\"fr-FR\",\"potentialAction\":[{\"@type\":\"ReadAction\",\"target\":[\"https:\\\/\\\/hambastegi.de\\\/fr\\\/grundsatzerklaerung\\\/\"]}]},{\"@type\":\"BreadcrumbList\",\"@id\":\"https:\\\/\\\/hambastegi.de\\\/fr\\\/grundsatzerklaerung\\\/#breadcrumb\",\"itemListElement\":[{\"@type\":\"ListItem\",\"position\":1,\"name\":\"Startseite\",\"item\":\"https:\\\/\\\/lightseagreen-gaur-719964.hostingersite.com\\\/\"},{\"@type\":\"ListItem\",\"position\":2,\"name\":\"D\u00e9claration de politique\"}]},{\"@type\":\"WebSite\",\"@id\":\"https:\\\/\\\/lightseagreen-gaur-719964.hostingersite.com\\\/#website\",\"url\":\"https:\\\/\\\/lightseagreen-gaur-719964.hostingersite.com\\\/\",\"name\":\"Hambastegi\",\"description\":\"\u0647\u0645\u0628\u0633\u062a\u06af\u06cc\",\"publisher\":{\"@id\":\"https:\\\/\\\/lightseagreen-gaur-719964.hostingersite.com\\\/#organization\"},\"potentialAction\":[{\"@type\":\"SearchAction\",\"target\":{\"@type\":\"EntryPoint\",\"urlTemplate\":\"https:\\\/\\\/lightseagreen-gaur-719964.hostingersite.com\\\/?s={search_term_string}\"},\"query-input\":{\"@type\":\"PropertyValueSpecification\",\"valueRequired\":true,\"valueName\":\"search_term_string\"}}],\"inLanguage\":\"fr-FR\"},{\"@type\":\"Organization\",\"@id\":\"https:\\\/\\\/lightseagreen-gaur-719964.hostingersite.com\\\/#organization\",\"name\":\"\u0647\u0645\u0628\u0633\u062a\u06af\u06cc \u0628\u0631\u0627\u06cc \u0622\u0632\u0627\u062f\u06cc \u0648 \u0628\u0631\u0627\u0628\u0631\u06cc \u062f\u0631 \u0627\u06cc\u0631\u0627\u0646\",\"url\":\"https:\\\/\\\/lightseagreen-gaur-719964.hostingersite.com\\\/\",\"logo\":{\"@type\":\"ImageObject\",\"inLanguage\":\"fr-FR\",\"@id\":\"https:\\\/\\\/lightseagreen-gaur-719964.hostingersite.com\\\/#\\\/schema\\\/logo\\\/image\\\/\",\"url\":\"http:\\\/\\\/hambastegi.de\\\/wp-content\\\/uploads\\\/2020\\\/06\\\/Arm_h-1.jpg\",\"contentUrl\":\"http:\\\/\\\/hambastegi.de\\\/wp-content\\\/uploads\\\/2020\\\/06\\\/Arm_h-1.jpg\",\"width\":219,\"height\":219,\"caption\":\"\u0647\u0645\u0628\u0633\u062a\u06af\u06cc \u0628\u0631\u0627\u06cc \u0622\u0632\u0627\u062f\u06cc \u0648 \u0628\u0631\u0627\u0628\u0631\u06cc \u062f\u0631 \u0627\u06cc\u0631\u0627\u0646\"},\"image\":{\"@id\":\"https:\\\/\\\/lightseagreen-gaur-719964.hostingersite.com\\\/#\\\/schema\\\/logo\\\/image\\\/\"}}]}<\/script>\n<!-- \/ Yoast SEO plugin. -->","yoast_head_json":{"title":"D\u00e9claration de politique - Hambastegi","description":"%","robots":{"index":"index","follow":"follow","max-snippet":"max-snippet:-1","max-image-preview":"max-image-preview:large","max-video-preview":"max-video-preview:-1"},"canonical":"https:\/\/hambastegi.de\/fr\/grundsatzerklaerung\/","og_locale":"fr_FR","og_type":"article","og_title":"D\u00e9claration de politique - Hambastegi","og_description":"%","og_url":"https:\/\/hambastegi.de\/fr\/grundsatzerklaerung\/","og_site_name":"Hambastegi","article_modified_time":"2019-05-27T18:43:19+00:00","og_image":[{"width":236,"height":236,"url":"https:\/\/hambastegi.de\/wp-content\/uploads\/2021\/01\/1thumbnail.jpg","type":"image\/jpeg"}],"twitter_card":"summary_large_image","twitter_misc":{"Dur\u00e9e de lecture estim\u00e9e":"11 minutes"},"schema":{"@context":"https:\/\/schema.org","@graph":[{"@type":"WebPage","@id":"https:\/\/hambastegi.de\/fr\/grundsatzerklaerung\/","url":"https:\/\/hambastegi.de\/fr\/grundsatzerklaerung\/","name":"D\u00e9claration de politique - Hambastegi","isPartOf":{"@id":"https:\/\/lightseagreen-gaur-719964.hostingersite.com\/#website"},"datePublished":"2019-05-09T11:17:32+00:00","dateModified":"2019-05-27T18:43:19+00:00","description":"%","breadcrumb":{"@id":"https:\/\/hambastegi.de\/fr\/grundsatzerklaerung\/#breadcrumb"},"inLanguage":"fr-FR","potentialAction":[{"@type":"ReadAction","target":["https:\/\/hambastegi.de\/fr\/grundsatzerklaerung\/"]}]},{"@type":"BreadcrumbList","@id":"https:\/\/hambastegi.de\/fr\/grundsatzerklaerung\/#breadcrumb","itemListElement":[{"@type":"ListItem","position":1,"name":"Startseite","item":"https:\/\/lightseagreen-gaur-719964.hostingersite.com\/"},{"@type":"ListItem","position":2,"name":"D\u00e9claration de politique"}]},{"@type":"WebSite","@id":"https:\/\/lightseagreen-gaur-719964.hostingersite.com\/#website","url":"https:\/\/lightseagreen-gaur-719964.hostingersite.com\/","name":"Hambastegi","description":"\u0647\u0645\u0628\u0633\u062a\u06af\u06cc","publisher":{"@id":"https:\/\/lightseagreen-gaur-719964.hostingersite.com\/#organization"},"potentialAction":[{"@type":"SearchAction","target":{"@type":"EntryPoint","urlTemplate":"https:\/\/lightseagreen-gaur-719964.hostingersite.com\/?s={search_term_string}"},"query-input":{"@type":"PropertyValueSpecification","valueRequired":true,"valueName":"search_term_string"}}],"inLanguage":"fr-FR"},{"@type":"Organization","@id":"https:\/\/lightseagreen-gaur-719964.hostingersite.com\/#organization","name":"\u0647\u0645\u0628\u0633\u062a\u06af\u06cc \u0628\u0631\u0627\u06cc \u0622\u0632\u0627\u062f\u06cc \u0648 \u0628\u0631\u0627\u0628\u0631\u06cc \u062f\u0631 \u0627\u06cc\u0631\u0627\u0646","url":"https:\/\/lightseagreen-gaur-719964.hostingersite.com\/","logo":{"@type":"ImageObject","inLanguage":"fr-FR","@id":"https:\/\/lightseagreen-gaur-719964.hostingersite.com\/#\/schema\/logo\/image\/","url":"http:\/\/hambastegi.de\/wp-content\/uploads\/2020\/06\/Arm_h-1.jpg","contentUrl":"http:\/\/hambastegi.de\/wp-content\/uploads\/2020\/06\/Arm_h-1.jpg","width":219,"height":219,"caption":"\u0647\u0645\u0628\u0633\u062a\u06af\u06cc \u0628\u0631\u0627\u06cc \u0622\u0632\u0627\u062f\u06cc \u0648 \u0628\u0631\u0627\u0628\u0631\u06cc \u062f\u0631 \u0627\u06cc\u0631\u0627\u0646"},"image":{"@id":"https:\/\/lightseagreen-gaur-719964.hostingersite.com\/#\/schema\/logo\/image\/"}}]}},"_links":{"self":[{"href":"https:\/\/hambastegi.de\/fr\/wp-json\/wp\/v2\/pages\/91","targetHints":{"allow":["GET"]}}],"collection":[{"href":"https:\/\/hambastegi.de\/fr\/wp-json\/wp\/v2\/pages"}],"about":[{"href":"https:\/\/hambastegi.de\/fr\/wp-json\/wp\/v2\/types\/page"}],"author":[{"embeddable":true,"href":"https:\/\/hambastegi.de\/fr\/wp-json\/wp\/v2\/users\/1"}],"replies":[{"embeddable":true,"href":"https:\/\/hambastegi.de\/fr\/wp-json\/wp\/v2\/comments?post=91"}],"version-history":[{"count":6,"href":"https:\/\/hambastegi.de\/fr\/wp-json\/wp\/v2\/pages\/91\/revisions"}],"predecessor-version":[{"id":361,"href":"https:\/\/hambastegi.de\/fr\/wp-json\/wp\/v2\/pages\/91\/revisions\/361"}],"wp:attachment":[{"href":"https:\/\/hambastegi.de\/fr\/wp-json\/wp\/v2\/media?parent=91"}],"curies":[{"name":"wp","href":"https:\/\/api.w.org\/{rel}","templated":true}]}}